{"id":747,"date":"2020-04-22T11:05:56","date_gmt":"2020-04-22T11:05:56","guid":{"rendered":"http:\/\/www.toolkit-thefeedback.eu\/?post_type=activity&#038;p=747"},"modified":"2020-09-28T11:23:13","modified_gmt":"2020-09-28T11:23:13","slug":"the-best-selfie","status":"publish","type":"activity","link":"http:\/\/www.toolkit-thefeedback.eu\/pt\/activity\/the-best-selfie\/","title":{"rendered":"The best selfie"},"content":{"rendered":"\n<div class=\"wp-block-columns has-2-columns activity-divider is-layout-flex wp-container-core-columns-is-layout-9d6595d7 wp-block-columns-is-layout-flex\">\n<div class=\"wp-block-column is-layout-flow wp-block-column-is-layout-flow\">\n<figure class=\"wp-block-image\"><img loading=\"lazy\" decoding=\"async\" width=\"39\" height=\"36\" src=\"http:\/\/www.toolkit-thefeedback.eu\/wp-content\/uploads\/small_tools.png\" alt=\"\" class=\"wp-image-309\"\/><\/figure>\n<\/div>\n\n\n\n<div class=\"wp-block-column is-layout-flow wp-block-column-is-layout-flow\">\n<h2 class=\"wp-block-heading\">Recursos<\/h2>\n\n\n\n<ul class=\"wp-block-list\"><li>Cart\u00e3o\/ cartolina<\/li><li>Post-its<\/li><li>Materiais reciclados, palhinhas, paus de madeira&#8230;<\/li><li>Fita adesiva<\/li><li>Marcadores<\/li><\/ul>\n\n\n\n<p><\/p>\n<\/div>\n<\/div>\n\n\n\n<div class=\"wp-block-columns has-2-columns activity-divider is-layout-flex wp-container-core-columns-is-layout-9d6595d7 wp-block-columns-is-layout-flex\">\n<div class=\"wp-block-column is-layout-flow wp-block-column-is-layout-flow\">\n<figure class=\"wp-block-image\"><img loading=\"lazy\" decoding=\"async\" width=\"35\" height=\"34\" src=\"http:\/\/www.toolkit-thefeedback.eu\/wp-content\/uploads\/small_steps.png\" alt=\"\" class=\"wp-image-310\"\/><\/figure>\n<\/div>\n\n\n\n<div class=\"wp-block-column is-layout-flow wp-block-column-is-layout-flow\">\n<h2 class=\"wp-block-heading\">Passos<\/h2>\n\n\n\n<ul class=\"wp-block-list\"><li>O facilitador escolhe um t\u00f3pico, comunica-o aos participantes, e pede-lhes para criarem uma moldura de cart\u00e3o ou uma cabina fotogr\u00e1fica que ser\u00e1 utilizada mais tarde.<\/li><li>Avalia\u00e7\u00e3o diagn\u00f3stica: o facilitador pede aos participantes que escrevam nos post-its o que j\u00e1 sabem sobre o t\u00f3pico.&nbsp;<\/li><li>Feedback dos novos conhecimentos: depois de trabalharem no t\u00f3pico, os participantes fazem os seus pr\u00f3prios adere\u00e7os (utilizando palhinhas, materiais reciclados etc&#8230;). O objetivo \u00e9 fazer uma foto que mostre o que compreenderam acerca do t\u00f3pico. Os participantes fazem uma fotografia na moldura ou na cabina fotogr\u00e1fica segurando os seus adere\u00e7os em frente da sua cara.<\/li><li>O facilitador imprime as fotos, que podem ser dispostas como uma exposi\u00e7\u00e3o, para rever o conte\u00fado. Os participantes podem incluir as fotografias no seu portf\u00f3lio ou col\u00e1-las nos seus cadernos de notas.<\/li><\/ul>\n\n\n\n<p><\/p>\n<\/div>\n<\/div>\n\n\n\n<div class=\"wp-block-columns has-2-columns activity-divider is-layout-flex wp-container-core-columns-is-layout-9d6595d7 wp-block-columns-is-layout-flex\">\n<div class=\"wp-block-column is-layout-flow wp-block-column-is-layout-flow\">\n<figure class=\"wp-block-image\"><img loading=\"lazy\" decoding=\"async\" width=\"33\" height=\"40\" src=\"http:\/\/www.toolkit-thefeedback.eu\/wp-content\/uploads\/small_tips.png\" alt=\"\" class=\"wp-image-308\"\/><\/figure>\n<\/div>\n\n\n\n<div class=\"wp-block-column is-layout-flow wp-block-column-is-layout-flow\">\n<h2 class=\"wp-block-heading\">Sugest\u00f5es<\/h2>\n\n\n\n<ul class=\"wp-block-list\"><li>Se a atividade for utilizada ap\u00f3s cada cap\u00edtulo, tema ou atividade, os participantes t\u00eam um grande portf\u00f3lio sob a forma de uma fotografia de si mesmos, que adoram fazer.<\/li><\/ul>\n<\/div>\n<\/div>\n\n\n\n<h3 class=\"wp-block-heading\">Fontes<\/h3>\n\n\n\n<p>Created by Slovenian teachers Branka Unverdorben, Natalija \u0160logar and Tina Dimec Ivanjko.<\/p>\n\n\n\n<figure class=\"wp-block-image\"><a href=\"http:\/\/creativecommons.org\/licenses\/by\/4.0\/\"><img decoding=\"async\" src=\"https:\/\/i.creativecommons.org\/l\/by\/4.0\/88x31.png\" alt=\"Creative Commons License\"\/><\/a><\/figure>\n\n\n\n<p>This work is licensed under a <a href=\"http:\/\/creativecommons.org\/licenses\/by\/4.0\/\">Creative Commons Attribution 4.0 International License<\/a>.<\/p>\n","protected":false},"excerpt":{"rendered":"<p>As fotos captam conte\u00fados mas tamb\u00e9m emo\u00e7\u00f5es! Esta atividade visa captar numa selfie o progresso dos estudantes\/formadores durante o seu percurso de aprendizagem.<\/p>\n","protected":false},"author":4,"featured_media":749,"template":"","aim":[12],"timing":[20],"size":[18,16,17],"class_list":["post-747","activity","type-activity","status-publish","has-post-thumbnail","hentry","aim-transformation","timing-10-30","size-group","size-individual","size-pair"],"translation":{"provider":"WPGlobus","version":"3.0.2","language":"pt","enabled_languages":["en","it","sl","pt"],"languages":{"en":{"title":true,"content":true,"excerpt":true},"it":{"title":true,"content":true,"excerpt":true},"sl":{"title":true,"content":true,"excerpt":true},"pt":{"title":true,"content":true,"excerpt":true}}},"_links":{"self":[{"href":"http:\/\/www.toolkit-thefeedback.eu\/pt\/wp-json\/wp\/v2\/activity\/747","targetHints":{"allow":["GET"]}}],"collection":[{"href":"http:\/\/www.toolkit-thefeedback.eu\/pt\/wp-json\/wp\/v2\/activity"}],"about":[{"href":"http:\/\/www.toolkit-thefeedback.eu\/pt\/wp-json\/wp\/v2\/types\/activity"}],"author":[{"embeddable":true,"href":"http:\/\/www.toolkit-thefeedback.eu\/pt\/wp-json\/wp\/v2\/users\/4"}],"wp:featuredmedia":[{"embeddable":true,"href":"http:\/\/www.toolkit-thefeedback.eu\/pt\/wp-json\/wp\/v2\/media\/749"}],"wp:attachment":[{"href":"http:\/\/www.toolkit-thefeedback.eu\/pt\/wp-json\/wp\/v2\/media?parent=747"}],"wp:term":[{"taxonomy":"aim","embeddable":true,"href":"http:\/\/www.toolkit-thefeedback.eu\/pt\/wp-json\/wp\/v2\/aim?post=747"},{"taxonomy":"timing","embeddable":true,"href":"http:\/\/www.toolkit-thefeedback.eu\/pt\/wp-json\/wp\/v2\/timing?post=747"},{"taxonomy":"size","embeddable":true,"href":"http:\/\/www.toolkit-thefeedback.eu\/pt\/wp-json\/wp\/v2\/size?post=747"}],"curies":[{"name":"wp","href":"https:\/\/api.w.org\/{rel}","templated":true}]}}