{"id":729,"date":"2020-04-15T17:16:03","date_gmt":"2020-04-15T17:16:03","guid":{"rendered":"http:\/\/www.toolkit-thefeedback.eu\/?post_type=activity&#038;p=729"},"modified":"2020-09-28T13:31:25","modified_gmt":"2020-09-28T13:31:25","slug":"the-mimic","status":"publish","type":"activity","link":"http:\/\/www.toolkit-thefeedback.eu\/sl\/activity\/the-mimic\/","title":{"rendered":"Mimika"},"content":{"rendered":"\n<div class=\"wp-block-columns has-2-columns activity-divider is-layout-flex wp-container-core-columns-is-layout-9d6595d7 wp-block-columns-is-layout-flex\">\n<div class=\"wp-block-column is-layout-flow wp-block-column-is-layout-flow\">\n<figure class=\"wp-block-image\"><img loading=\"lazy\" decoding=\"async\" width=\"39\" height=\"36\" src=\"http:\/\/www.toolkit-thefeedback.eu\/wp-content\/uploads\/small_tools.png\" alt=\"\" class=\"wp-image-309\"\/><\/figure>\n<\/div>\n\n\n\n<div class=\"wp-block-column is-layout-flow wp-block-column-is-layout-flow\">\n<h2 class=\"wp-block-heading\"> Potreb\u0161\u010dine <\/h2>\n\n\n\n<ul class=\"wp-block-list\"><li>beli listi<\/li><li>svin\u010dniki\/markerji<\/li><\/ul>\n\n\n\n<p><\/p>\n<\/div>\n<\/div>\n\n\n\n<div class=\"wp-block-columns has-2-columns activity-divider is-layout-flex wp-container-core-columns-is-layout-9d6595d7 wp-block-columns-is-layout-flex\">\n<div class=\"wp-block-column is-layout-flow wp-block-column-is-layout-flow\">\n<figure class=\"wp-block-image\"><img loading=\"lazy\" decoding=\"async\" width=\"35\" height=\"34\" src=\"http:\/\/www.toolkit-thefeedback.eu\/wp-content\/uploads\/small_steps.png\" alt=\"\" class=\"wp-image-310\"\/><\/figure>\n<\/div>\n\n\n\n<div class=\"wp-block-column is-layout-flow wp-block-column-is-layout-flow\">\n<h2 class=\"wp-block-heading\">Koraki<\/h2>\n\n\n\n<ul class=\"wp-block-list\" type=\"1\"><li>Moderator za\u010dne aktivnost tako, da prosi udele\u017eence, da se namestijo po parih ali v skupini. Pari ali skupina se lahko prej naklju\u010dno izberejo ali dolo\u010dijo.<\/li><li>Moderator mora deliti zgodbo, pravljico, zgodovinsko zgodbo, kratek posnetek.<\/li><li>Moderator usmerja udele\u017eence, da se \u010dustveno odzovejo na zgodbo oziroma videno, prebrano ali poslu\u0161ano besedilo&nbsp;in \u010dustva izrazijo.<\/li><li>Udele\u017eenci se v parih ali v skupini odzovejo na videno, prebrano ali poslu\u0161ano s simboli za mimiko obraza in jih nari\u0161ejo na plakat.<\/li><li>Aktivnost se zaklju\u010di s predstavitvijo plakata, kjer so udele\u017eenci podali svoje simbole za mimiko.<\/li><\/ul>\n\n\n\n<p><\/p>\n<\/div>\n<\/div>\n\n\n\n<div class=\"wp-block-columns has-2-columns activity-divider is-layout-flex wp-container-core-columns-is-layout-9d6595d7 wp-block-columns-is-layout-flex\">\n<div class=\"wp-block-column is-layout-flow wp-block-column-is-layout-flow\">\n<figure class=\"wp-block-image\"><img loading=\"lazy\" decoding=\"async\" width=\"33\" height=\"40\" src=\"http:\/\/www.toolkit-thefeedback.eu\/wp-content\/uploads\/small_tips.png\" alt=\"\" class=\"wp-image-308\"\/><\/figure>\n<\/div>\n\n\n\n<div class=\"wp-block-column is-layout-flow wp-block-column-is-layout-flow\">\n<h2 class=\"wp-block-heading\">Nasveti<\/h2>\n\n\n\n<ul class=\"wp-block-list\"><li>Vodja mora imeti na za\u010detku aktivno vlogo z deljenjem zgodbe, predstavitvijo cilja in dejavnosti.<\/li><li>Po koncu dejavnosti mora vodja nadaljevati dejavnost in dati mo\u017enost&nbsp; vsem udele\u017eencem, ki \u017eelijo deliti izku\u0161nje, da povedo, kako se jim je zdel tak na\u010din dela, kaj jim je bilo v\u0161e\u010d in kaj ne, kaj so se nau\u010dili, do kak\u0161nih spoznanj so pri\u0161li.<\/li><\/ul>\n<\/div>\n<\/div>\n\n\n\n<h3 class=\"wp-block-heading\">Viri<\/h3>\n\n\n\n<p>Ustvarili u\u010ditelji iz Slovenije &#8211; Majda Ko\u010devar Klau\u017eer, Mojca Hojski in Ur\u0161ka Tiselj.<\/p>\n\n\n\n<figure class=\"wp-block-image\"><a href=\"http:\/\/creativecommons.org\/licenses\/by\/4.0\/\"><img decoding=\"async\" src=\"https:\/\/i.creativecommons.org\/l\/by\/4.0\/88x31.png\" alt=\"Creative Commons License\"\/><\/a><\/figure>\n\n\n\n<p>To delo je za\u0161\u010diteno preko <a href=\"http:\/\/creativecommons.org\/licenses\/by\/4.0\/\">Creative Commons Attribution 4.0 International License<\/a>.<\/p>\n","protected":false},"excerpt":{"rendered":"<p>Mimika je gibanje telesa oz.  premikanje obraznih mi\u0161ic kot obrazni izrazi,  preko katerih izra\u017eamo svoja \u010dustva. Nekatere izraze lahko nadziramo, nekaterih pa ne. Strokovnjaki delijo mimiko \u0161e na posamezne dele obraza: podro\u010dje o\u010di,  podro\u010dje \u010dela in obrvi ter podro\u010dje okoli ust.<\/p>\n","protected":false},"author":4,"featured_media":731,"template":"","aim":[11],"timing":[20],"size":[18,17],"class_list":["post-729","activity","type-activity","status-publish","has-post-thumbnail","hentry","aim-inspiration","timing-10-30","size-group","size-pair"],"translation":{"provider":"WPGlobus","version":"3.0.2","language":"sl","enabled_languages":["en","it","sl","pt"],"languages":{"en":{"title":true,"content":true,"excerpt":true},"it":{"title":true,"content":true,"excerpt":true},"sl":{"title":true,"content":true,"excerpt":true},"pt":{"title":true,"content":true,"excerpt":true}}},"_links":{"self":[{"href":"http:\/\/www.toolkit-thefeedback.eu\/sl\/wp-json\/wp\/v2\/activity\/729","targetHints":{"allow":["GET"]}}],"collection":[{"href":"http:\/\/www.toolkit-thefeedback.eu\/sl\/wp-json\/wp\/v2\/activity"}],"about":[{"href":"http:\/\/www.toolkit-thefeedback.eu\/sl\/wp-json\/wp\/v2\/types\/activity"}],"author":[{"embeddable":true,"href":"http:\/\/www.toolkit-thefeedback.eu\/sl\/wp-json\/wp\/v2\/users\/4"}],"wp:featuredmedia":[{"embeddable":true,"href":"http:\/\/www.toolkit-thefeedback.eu\/sl\/wp-json\/wp\/v2\/media\/731"}],"wp:attachment":[{"href":"http:\/\/www.toolkit-thefeedback.eu\/sl\/wp-json\/wp\/v2\/media?parent=729"}],"wp:term":[{"taxonomy":"aim","embeddable":true,"href":"http:\/\/www.toolkit-thefeedback.eu\/sl\/wp-json\/wp\/v2\/aim?post=729"},{"taxonomy":"timing","embeddable":true,"href":"http:\/\/www.toolkit-thefeedback.eu\/sl\/wp-json\/wp\/v2\/timing?post=729"},{"taxonomy":"size","embeddable":true,"href":"http:\/\/www.toolkit-thefeedback.eu\/sl\/wp-json\/wp\/v2\/size?post=729"}],"curies":[{"name":"wp","href":"https:\/\/api.w.org\/{rel}","templated":true}]}}